{"id":2828,"date":"2021-07-19T16:29:20","date_gmt":"2021-07-19T16:29:20","guid":{"rendered":"https:\/\/educacionbilingue.eu\/?page_id=2828"},"modified":"2021-07-19T16:29:20","modified_gmt":"2021-07-19T16:29:20","slug":"home-2019-2","status":"publish","type":"page","link":"https:\/\/educacionbilingue.eu\/en\/home-2019-2\/","title":{"rendered":"Home 2019"},"content":{"rendered":"<p>[vc_row css_animation=&#8221;&#8221; row_type=&#8221;row&#8221; use_row_as_full_screen_section=&#8221;no&#8221; type=&#8221;full_width&#8221; angled_section=&#8221;no&#8221; text_align=&#8221;left&#8221; background_image_as_pattern=&#8221;without_pattern&#8221;][vc_column]<link href=\"https:\/\/fonts.googleapis.com\/css?family=Open+Sans:600%2C300%2C700\" rel=\"stylesheet\" property=\"stylesheet\" type=\"text\/css\" media=\"all\">\n<div id=\"rev_slider_13_1_wrapper\" class=\"rev_slider_wrapper fullwidthbanner-container\" data-source=\"gallery\" style=\"margin:0px auto;background:transparent;padding:0px;margin-top:0px;margin-bottom:0px;\">\n<!-- START REVOLUTION SLIDER 5.4.8.3 fullwidth mode -->\n\t<div id=\"rev_slider_13_1\" class=\"rev_slider fullwidthabanner tp-overflow-hidden\" style=\"display:none;\" data-version=\"5.4.8.3\">\n<ul>\t<!-- SLIDE  -->\n\t<li data-index=\"rs-14\" data-transition=\"fade\" data-slotamount=\"default\" data-hideafterloop=\"0\" data-hideslideonmobile=\"off\"  data-easein=\"default\" data-easeout=\"default\" data-masterspeed=\"300\"  data-rotate=\"0\"  data-saveperformance=\"off\"  data-mediafilter=\"willow\" data-title=\"Slide\" data-param1=\"\" data-param2=\"\" data-param3=\"\" data-param4=\"\" data-param5=\"\" data-param6=\"\" data-param7=\"\" data-param8=\"\" data-param9=\"\" data-param10=\"\" data-description=\"\">\n\t\t<!-- MAIN IMAGE -->\n\t\t<img loading=\"lazy\" decoding=\"async\" src=\"https:\/\/educacionbilingue.eu\/wp-content\/uploads\/2018\/03\/Imagen-recortada.png\"  alt=\"\" title=\"Imagen recortada\"  width=\"2121\" height=\"838\" data-bgposition=\"center center\" data-bgfit=\"cover\" data-bgrepeat=\"no-repeat\" class=\"rev-slidebg\" data-no-retina>\n\t\t<!-- LAYERS -->\n\n\t\t<!-- LAYER NR. 1 -->\n\t\t<div class=\"tp-caption   tp-resizeme\" \n\t\t\t id=\"slide-14-layer-3\" \n\t\t\t data-x=\"['left','left','center','center']\" data-hoffset=\"['90','61','0','4']\" \n\t\t\t data-y=\"['middle','middle','middle','middle']\" data-voffset=\"['-225','-195','-194','-242']\" \n\t\t\t\t\t\tdata-fontsize=\"['41','35','38','38']\"\n\t\t\tdata-width=\"['722','603','678','359']\"\n\t\t\tdata-height=\"['42','42','42','81']\"\n\t\t\tdata-whitespace=\"normal\"\n \n\t\t\tdata-type=\"text\" \n\t\t\tdata-responsive_offset=\"on\" \n\n\t\t\tdata-frames='[{\"delay\":10,\"speed\":300,\"frame\":\"0\",\"from\":\"opacity:0;\",\"to\":\"o:1;\",\"ease\":\"Power3.easeInOut\"},{\"delay\":\"wait\",\"speed\":300,\"frame\":\"999\",\"to\":\"opacity:0;\",\"ease\":\"Power3.easeInOut\"}]'\n\t\t\tdata-textAlign=\"['left','left','center','center']\"\n\t\t\tdata-paddingtop=\"[0,0,0,0]\"\n\t\t\tdata-paddingright=\"[0,0,0,0]\"\n\t\t\tdata-paddingbottom=\"[0,0,0,0]\"\n\t\t\tdata-paddingleft=\"[0,0,0,0]\"\n\n\t\t\tstyle=\"z-index: 5; min-width: 722px; max-width: 722px; max-width: 42px; max-width: 42px; white-space: normal; font-size: 41px; line-height: 40px; font-weight: 600; color: rgba(255,255,255,1); letter-spacing: px;font-family:Open Sans;\">III INTERNATIONAL CONFERENCE <\/div>\n\n\t\t<!-- LAYER NR. 2 -->\n\t\t<div class=\"tp-caption   tp-resizeme\" \n\t\t\t id=\"slide-14-layer-6\" \n\t\t\t data-x=\"['left','left','center','center']\" data-hoffset=\"['752','625','0','-13']\" \n\t\t\t data-y=\"['middle','middle','middle','middle']\" data-voffset=\"['-226','-195','-146','-170']\" \n\t\t\t\t\t\tdata-fontsize=\"['41','35','38','38']\"\n\t\t\tdata-width=\"['429','395','396','396']\"\n\t\t\tdata-height=\"['41','42','44','44']\"\n\t\t\tdata-whitespace=\"normal\"\n \n\t\t\tdata-type=\"text\" \n\t\t\tdata-responsive_offset=\"on\" \n\n\t\t\tdata-frames='[{\"delay\":10,\"speed\":300,\"frame\":\"0\",\"from\":\"opacity:0;\",\"to\":\"o:1;\",\"ease\":\"Power3.easeInOut\"},{\"delay\":\"wait\",\"speed\":300,\"frame\":\"999\",\"to\":\"opacity:0;\",\"ease\":\"Power3.easeInOut\"}]'\n\t\t\tdata-textAlign=\"['left','left','left','left']\"\n\t\t\tdata-paddingtop=\"[0,0,0,0]\"\n\t\t\tdata-paddingright=\"[0,0,0,0]\"\n\t\t\tdata-paddingbottom=\"[0,0,0,0]\"\n\t\t\tdata-paddingleft=\"[0,0,0,0]\"\n\n\t\t\tstyle=\"z-index: 6; min-width: 429px; max-width: 429px; max-width: 41px; max-width: 41px; white-space: normal; font-size: 41px; line-height: 40px; font-weight: 300; color: rgba(255,255,255,1); letter-spacing: px;font-family:Open Sans;\">FOR PROFESSIONALS <\/div>\n\n\t\t<!-- LAYER NR. 3 -->\n\t\t<div class=\"tp-caption   tp-resizeme\" \n\t\t\t id=\"slide-14-layer-7\" \n\t\t\t data-x=\"['left','left','left','center']\" data-hoffset=\"['338','236','68','165']\" \n\t\t\t data-y=\"['middle','middle','middle','middle']\" data-voffset=\"['-177','-146','-98','-169']\" \n\t\t\t\t\t\tdata-fontsize=\"['41','35','35','38']\"\n\t\t\tdata-width=\"['118','118','118','81']\"\n\t\t\tdata-height=\"['43','43','43','44']\"\n\t\t\tdata-whitespace=\"normal\"\n \n\t\t\tdata-type=\"text\" \n\t\t\tdata-responsive_offset=\"on\" \n\n\t\t\tdata-frames='[{\"delay\":10,\"speed\":300,\"frame\":\"0\",\"from\":\"opacity:0;\",\"to\":\"o:1;\",\"ease\":\"Power3.easeInOut\"},{\"delay\":\"wait\",\"speed\":300,\"frame\":\"999\",\"to\":\"opacity:0;\",\"ease\":\"Power3.easeInOut\"}]'\n\t\t\tdata-textAlign=\"['right','right','right','right']\"\n\t\t\tdata-paddingtop=\"[0,0,0,0]\"\n\t\t\tdata-paddingright=\"[0,0,0,0]\"\n\t\t\tdata-paddingbottom=\"[0,0,0,0]\"\n\t\t\tdata-paddingleft=\"[0,0,0,0]\"\n\n\t\t\tstyle=\"z-index: 7; min-width: 118px; max-width: 118px; max-width: 43px; max-width: 43px; white-space: normal; font-size: 41px; line-height: 40px; font-weight: 300; color: rgba(255,255,255,1); letter-spacing: px;font-family:Open Sans;\">IN <\/div>\n\n\t\t<!-- LAYER NR. 4 -->\n\t\t<div class=\"tp-caption   tp-resizeme\" \n\t\t\t id=\"slide-14-layer-9\" \n\t\t\t data-x=\"['left','left','left','center']\" data-hoffset=\"['475','371','196','0']\" \n\t\t\t data-y=\"['middle','middle','middle','middle']\" data-voffset=\"['-176','-147','-99','-111']\" \n\t\t\t\t\t\tdata-fontsize=\"['41','35','38','38']\"\n\t\t\tdata-width=\"['612','454','454','453']\"\n\t\t\tdata-height=\"['42','41','41','45']\"\n\t\t\tdata-whitespace=\"normal\"\n \n\t\t\tdata-type=\"text\" \n\t\t\tdata-responsive_offset=\"on\" \n\n\t\t\tdata-frames='[{\"delay\":10,\"speed\":300,\"frame\":\"0\",\"from\":\"opacity:0;\",\"to\":\"o:1;\",\"ease\":\"Power3.easeInOut\"},{\"delay\":\"wait\",\"speed\":300,\"frame\":\"999\",\"to\":\"opacity:0;\",\"ease\":\"Power3.easeInOut\"}]'\n\t\t\tdata-textAlign=\"['left','left','left','center']\"\n\t\t\tdata-paddingtop=\"[0,0,0,0]\"\n\t\t\tdata-paddingright=\"[0,0,0,0]\"\n\t\t\tdata-paddingbottom=\"[0,0,0,0]\"\n\t\t\tdata-paddingleft=\"[0,0,0,0]\"\n\n\t\t\tstyle=\"z-index: 8; min-width: 612px; max-width: 612px; max-width: 42px; max-width: 42px; white-space: normal; font-size: 41px; line-height: 40px; font-weight: 600; color: rgba(255,255,255,1); letter-spacing: px;font-family:Open Sans;\">BILINGUAL EDUCATION <\/div>\n\n\t\t<!-- LAYER NR. 5 -->\n\t\t<div class=\"tp-caption tp-shape tp-shapewrapper  tp-resizeme\" \n\t\t\t id=\"slide-14-layer-11\" \n\t\t\t data-x=\"['left','left','left','left']\" data-hoffset=\"['101','40','30','17']\" \n\t\t\t data-y=\"['top','top','top','top']\" data-voffset=\"['181','143','209','310']\" \n\t\t\t\t\t\tdata-width=\"['250','200','150','50']\"\n\t\t\tdata-height=\"2\"\n\t\t\tdata-whitespace=\"normal\"\n \n\t\t\tdata-type=\"shape\" \n\t\t\tdata-responsive_offset=\"on\" \n\n\t\t\tdata-frames='[{\"delay\":10,\"speed\":300,\"frame\":\"0\",\"from\":\"opacity:0;\",\"to\":\"o:1;\",\"ease\":\"Power3.easeInOut\"},{\"delay\":\"wait\",\"speed\":300,\"frame\":\"999\",\"to\":\"opacity:0;\",\"ease\":\"Power3.easeInOut\"}]'\n\t\t\tdata-textAlign=\"['inherit','inherit','inherit','inherit']\"\n\t\t\tdata-paddingtop=\"[0,0,0,0]\"\n\t\t\tdata-paddingright=\"[0,0,0,0]\"\n\t\t\tdata-paddingbottom=\"[0,0,0,0]\"\n\t\t\tdata-paddingleft=\"[0,0,0,0]\"\n\n\t\t\tstyle=\"z-index: 9;background-color:rgba(255,255,255,1);\"> <\/div>\n\n\t\t<!-- LAYER NR. 6 -->\n\t\t<div class=\"tp-caption tp-shape tp-shapewrapper  tp-resizeme\" \n\t\t\t id=\"slide-14-layer-12\" \n\t\t\t data-x=\"['right','left','left','left']\" data-hoffset=\"['99','793','600','414']\" \n\t\t\t data-y=\"['middle','top','top','top']\" data-voffset=\"['-116','143','211','310']\" \n\t\t\t\t\t\tdata-width=\"['250','200','150','50']\"\n\t\t\tdata-height=\"2\"\n\t\t\tdata-whitespace=\"normal\"\n \n\t\t\tdata-type=\"shape\" \n\t\t\tdata-responsive_offset=\"on\" \n\n\t\t\tdata-frames='[{\"delay\":10,\"speed\":300,\"frame\":\"0\",\"from\":\"opacity:0;\",\"to\":\"o:1;\",\"ease\":\"Power3.easeInOut\"},{\"delay\":\"wait\",\"speed\":300,\"frame\":\"999\",\"to\":\"opacity:0;\",\"ease\":\"Power3.easeInOut\"}]'\n\t\t\tdata-textAlign=\"['inherit','inherit','inherit','inherit']\"\n\t\t\tdata-paddingtop=\"[0,0,0,0]\"\n\t\t\tdata-paddingright=\"[0,0,0,0]\"\n\t\t\tdata-paddingbottom=\"[0,0,0,0]\"\n\t\t\tdata-paddingleft=\"[0,0,0,0]\"\n\n\t\t\tstyle=\"z-index: 10;background-color:rgba(255,255,255,1);\"> <\/div>\n\n\t\t<!-- LAYER NR. 7 -->\n\t\t<div class=\"tp-caption   tp-resizeme\" \n\t\t\t id=\"slide-14-layer-21\" \n\t\t\t data-x=\"['center','center','center','center']\" data-hoffset=\"['-4','0','0','0']\" \n\t\t\t data-y=\"['middle','middle','middle','middle']\" data-voffset=\"['-80','-45','-1','47']\" \n\t\t\t\t\t\tdata-color=\"['rgb(255,255,255)','rgba(255,255,255,1)','rgba(255,255,255,1)','rgba(255,255,255,1)']\"\n\t\t\tdata-width=\"['401','395','396','396']\"\n\t\t\tdata-height=\"['42','42','44','44']\"\n\t\t\tdata-whitespace=\"normal\"\n \n\t\t\tdata-type=\"text\" \n\t\t\tdata-responsive_offset=\"on\" \n\n\t\t\tdata-frames='[{\"delay\":10,\"speed\":300,\"frame\":\"0\",\"from\":\"opacity:0;\",\"to\":\"o:1;\",\"ease\":\"Power3.easeInOut\"},{\"delay\":\"wait\",\"speed\":300,\"frame\":\"999\",\"to\":\"opacity:0;\",\"ease\":\"Power3.easeInOut\"}]'\n\t\t\tdata-textAlign=\"['center','center','center','center']\"\n\t\t\tdata-paddingtop=\"[0,0,0,0]\"\n\t\t\tdata-paddingright=\"[0,0,0,0]\"\n\t\t\tdata-paddingbottom=\"[0,0,0,0]\"\n\t\t\tdata-paddingleft=\"[0,0,0,0]\"\n\n\t\t\tstyle=\"z-index: 11; min-width: 401px; max-width: 401px; max-width: 42px; max-width: 42px; white-space: normal; font-size: 15px; line-height: 40px; font-weight: 300; color: #ffffff; letter-spacing: px;font-family:Open Sans;\">Location: Plaza San Mart\u00edn, 4. Madrid. <\/div>\n\n\t\t<!-- LAYER NR. 8 -->\n\t\t<div class=\"tp-caption   tp-resizeme\" \n\t\t\t id=\"slide-14-layer-23\" \n\t\t\t data-x=\"['center','center','center','center']\" data-hoffset=\"['1','1','1','-2']\" \n\t\t\t data-y=\"['middle','middle','middle','middle']\" data-voffset=\"['94','74','113','147']\" \n\t\t\t\t\t\tdata-width=\"none\"\n\t\t\tdata-height=\"none\"\n\t\t\tdata-whitespace=\"normal\"\n \n\t\t\tdata-type=\"image\" \n\t\t\tdata-responsive_offset=\"on\" \n\n\t\t\tdata-frames='[{\"delay\":10,\"speed\":300,\"frame\":\"0\",\"from\":\"opacity:0;\",\"to\":\"o:1;\",\"ease\":\"Power3.easeInOut\"},{\"delay\":\"wait\",\"speed\":300,\"frame\":\"999\",\"to\":\"opacity:0;\",\"ease\":\"Power3.easeInOut\"}]'\n\t\t\tdata-textAlign=\"['inherit','inherit','inherit','inherit']\"\n\t\t\tdata-paddingtop=\"[0,0,0,0]\"\n\t\t\tdata-paddingright=\"[0,0,0,0]\"\n\t\t\tdata-paddingbottom=\"[0,0,0,0]\"\n\t\t\tdata-paddingleft=\"[0,0,0,0]\"\n\n\t\t\tstyle=\"z-index: 12;\"><img loading=\"lazy\" decoding=\"async\" src=\"https:\/\/educacionbilingue.eu\/wp-content\/uploads\/2018\/03\/400dpiLogoCropped.png\" alt=\"\" data-ww=\"['101px','101px','85px','63px']\" data-hh=\"['148px','148px','124px','92px']\" width=\"800\" height=\"1167\" data-no-retina> <\/div>\n\n\t\t<!-- LAYER NR. 9 -->\n\t\t<div class=\"tp-caption   tp-resizeme\" \n\t\t\t id=\"slide-14-layer-28\" \n\t\t\t data-x=\"['center','center','center','center']\" data-hoffset=\"['352','352','262','126']\" \n\t\t\t data-y=\"['middle','middle','middle','middle']\" data-voffset=\"['116','102','118','201']\" \n\t\t\t\t\t\tdata-width=\"none\"\n\t\t\tdata-height=\"none\"\n\t\t\tdata-whitespace=\"nowrap\"\n \n\t\t\tdata-type=\"image\" \n\t\t\tdata-actions='[{\"event\":\"click\",\"action\":\"simplelink\",\"target\":\"_self\",\"url\":\"\\\/stephen-krashen-2019\\\/\",\"delay\":\"\"}]'\n\t\t\tdata-responsive_offset=\"on\" \n\n\t\t\tdata-frames='[{\"delay\":10,\"speed\":300,\"frame\":\"0\",\"from\":\"opacity:0;\",\"to\":\"o:1;\",\"ease\":\"Power3.easeInOut\"},{\"delay\":\"wait\",\"speed\":300,\"frame\":\"999\",\"to\":\"opacity:0;\",\"ease\":\"Power3.easeInOut\"}]'\n\t\t\tdata-textAlign=\"['inherit','inherit','inherit','inherit']\"\n\t\t\tdata-paddingtop=\"[0,0,0,0]\"\n\t\t\tdata-paddingright=\"[0,0,0,0]\"\n\t\t\tdata-paddingbottom=\"[0,0,0,0]\"\n\t\t\tdata-paddingleft=\"[0,0,0,0]\"\n\n\t\t\tstyle=\"z-index: 13;background-color:rgb(255,255,255);border-color:rgb(255,255,255);border-style:solid;border-width:5px 5px 5px 5px;cursor:pointer;\"><img loading=\"lazy\" decoding=\"async\" src=\"https:\/\/educacionbilingue.eu\/wp-content\/uploads\/2019\/02\/stephen-krashen.png\" alt=\"\" data-ww=\"['230px','192px','192px','136px']\" data-hh=\"['230px','192','192','136']\" width=\"300\" height=\"300\" data-no-retina> <\/div>\n\n\t\t<!-- LAYER NR. 10 -->\n\t\t<div class=\"tp-caption   tp-resizeme\" \n\t\t\t id=\"slide-14-layer-29\" \n\t\t\t data-x=\"['center','center','center','center']\" data-hoffset=\"['-361','-361','-269','-143']\" \n\t\t\t data-y=\"['middle','middle','middle','middle']\" data-voffset=\"['116','96','122','206']\" \n\t\t\t\t\t\tdata-width=\"none\"\n\t\t\tdata-height=\"none\"\n\t\t\tdata-whitespace=\"nowrap\"\n \n\t\t\tdata-type=\"image\" \n\t\t\tdata-actions='[{\"event\":\"click\",\"action\":\"simplelink\",\"target\":\"_self\",\"url\":\"\\\/jim-cummins\\\/\",\"delay\":\"\"}]'\n\t\t\tdata-responsive_offset=\"on\" \n\n\t\t\tdata-frames='[{\"delay\":10,\"speed\":300,\"frame\":\"0\",\"from\":\"opacity:0;\",\"to\":\"o:1;\",\"ease\":\"Power3.easeInOut\"},{\"delay\":\"wait\",\"speed\":300,\"frame\":\"999\",\"to\":\"opacity:0;\",\"ease\":\"Power3.easeInOut\"}]'\n\t\t\tdata-textAlign=\"['inherit','inherit','inherit','inherit']\"\n\t\t\tdata-paddingtop=\"[0,0,0,0]\"\n\t\t\tdata-paddingright=\"[0,0,0,0]\"\n\t\t\tdata-paddingbottom=\"[0,0,0,0]\"\n\t\t\tdata-paddingleft=\"[0,0,0,0]\"\n\n\t\t\tstyle=\"z-index: 14;border-color:rgb(255,255,255);border-style:solid;border-width:5px 5px 5px 5px;cursor:pointer;\"><img loading=\"lazy\" decoding=\"async\" src=\"https:\/\/educacionbilingue.eu\/wp-content\/uploads\/2019\/02\/Jim_Cummins.jpg\" alt=\"\" data-ww=\"['230px','192px','192px','136px']\" data-hh=\"['230px','192px','192px','136px']\" width=\"300\" height=\"300\" data-no-retina> <\/div>\n\n\t\t<!-- LAYER NR. 11 -->\n\t\t<div class=\"tp-caption   tp-resizeme\" \n\t\t\t id=\"slide-14-layer-30\" \n\t\t\t data-x=\"['center','center','center','center']\" data-hoffset=\"['-350','-356','-265','-136']\" \n\t\t\t data-y=\"['middle','middle','middle','middle']\" data-voffset=\"['-22','-14','11','118']\" \n\t\t\t\t\t\tdata-fontsize=\"['20','15','15','15']\"\n\t\t\tdata-color=\"['rgb(255,255,255)','rgba(255,255,255,1)','rgba(255,255,255,1)','rgba(255,255,255,1)']\"\n\t\t\tdata-width=\"['401','395','396','396']\"\n\t\t\tdata-height=\"['42','42','44','44']\"\n\t\t\tdata-whitespace=\"normal\"\n \n\t\t\tdata-type=\"text\" \n\t\t\tdata-actions='[{\"event\":\"click\",\"action\":\"simplelink\",\"target\":\"_self\",\"url\":\"https:\\\/\\\/educacionbilingue.eu\\\/contact\\\/\",\"delay\":\"\"}]'\n\t\t\tdata-responsive_offset=\"on\" \n\n\t\t\tdata-frames='[{\"delay\":10,\"speed\":300,\"frame\":\"0\",\"from\":\"opacity:0;\",\"to\":\"o:1;\",\"ease\":\"Power3.easeInOut\"},{\"delay\":\"wait\",\"speed\":300,\"frame\":\"999\",\"to\":\"opacity:0;\",\"ease\":\"Power3.easeInOut\"}]'\n\t\t\tdata-textAlign=\"['center','center','center','center']\"\n\t\t\tdata-paddingtop=\"[0,0,0,0]\"\n\t\t\tdata-paddingright=\"[0,0,0,0]\"\n\t\t\tdata-paddingbottom=\"[0,0,0,0]\"\n\t\t\tdata-paddingleft=\"[0,0,0,0]\"\n\n\t\t\tstyle=\"z-index: 15; min-width: 401px; max-width: 401px; max-width: 42px; max-width: 42px; white-space: normal; font-size: 20px; line-height: 40px; font-weight: 300; color: #ffffff; letter-spacing: px;font-family:Open Sans;\">Dr. Jim Cummins <\/div>\n\n\t\t<!-- LAYER NR. 12 -->\n\t\t<div class=\"tp-caption   tp-resizeme\" \n\t\t\t id=\"slide-14-layer-31\" \n\t\t\t data-x=\"['center','center','center','center']\" data-hoffset=\"['357','348','262','129']\" \n\t\t\t data-y=\"['middle','middle','middle','middle']\" data-voffset=\"['-21','-15','7','116']\" \n\t\t\t\t\t\tdata-fontsize=\"['20','15','15','15']\"\n\t\t\tdata-color=\"['rgb(255,255,255)','rgba(255,255,255,1)','rgba(255,255,255,1)','rgba(255,255,255,1)']\"\n\t\t\tdata-width=\"['401','395','396','396']\"\n\t\t\tdata-height=\"['42','42','44','44']\"\n\t\t\tdata-whitespace=\"normal\"\n \n\t\t\tdata-type=\"text\" \n\t\t\tdata-actions='[{\"event\":\"click\",\"action\":\"simplelink\",\"target\":\"_self\",\"url\":\"https:\\\/\\\/educacionbilingue.eu\\\/contact\\\/\",\"delay\":\"\"}]'\n\t\t\tdata-responsive_offset=\"on\" \n\n\t\t\tdata-frames='[{\"delay\":10,\"speed\":300,\"frame\":\"0\",\"from\":\"opacity:0;\",\"to\":\"o:1;\",\"ease\":\"Power3.easeInOut\"},{\"delay\":\"wait\",\"speed\":300,\"frame\":\"999\",\"to\":\"opacity:0;\",\"ease\":\"Power3.easeInOut\"}]'\n\t\t\tdata-textAlign=\"['center','center','center','center']\"\n\t\t\tdata-paddingtop=\"[0,0,0,0]\"\n\t\t\tdata-paddingright=\"[0,0,0,0]\"\n\t\t\tdata-paddingbottom=\"[0,0,0,0]\"\n\t\t\tdata-paddingleft=\"[0,0,0,0]\"\n\n\t\t\tstyle=\"z-index: 16; min-width: 401px; max-width: 401px; max-width: 42px; max-width: 42px; white-space: normal; font-size: 20px; line-height: 40px; font-weight: 300; color: #ffffff; letter-spacing: px;font-family:Open Sans;\">Dr. Stephen Krashen <\/div>\n\n\t\t<!-- LAYER NR. 13 -->\n\t\t<div class=\"tp-caption   tp-resizeme\" \n\t\t\t id=\"slide-14-layer-32\" \n\t\t\t data-x=\"['center','center','center','center']\" data-hoffset=\"['0','0','0','0']\" \n\t\t\t data-y=\"['middle','middle','middle','middle']\" data-voffset=\"['-120','-91','-39','-14']\" \n\t\t\t\t\t\tdata-fontsize=\"['30','30','22','18']\"\n\t\t\tdata-fontweight=\"['700','600','700','700']\"\n\t\t\tdata-width=\"['1111','1002','739','464']\"\n\t\t\tdata-height=\"['45','47','46','47']\"\n\t\t\tdata-whitespace=\"normal\"\n \n\t\t\tdata-type=\"text\" \n\t\t\tdata-responsive_offset=\"on\" \n\n\t\t\tdata-frames='[{\"delay\":10,\"speed\":300,\"frame\":\"0\",\"from\":\"opacity:0;\",\"to\":\"o:1;\",\"ease\":\"Power3.easeInOut\"},{\"delay\":\"wait\",\"speed\":300,\"frame\":\"999\",\"to\":\"opacity:0;\",\"ease\":\"Power3.easeInOut\"}]'\n\t\t\tdata-textAlign=\"['center','center','center','center']\"\n\t\t\tdata-paddingtop=\"[0,0,0,0]\"\n\t\t\tdata-paddingright=\"[0,0,0,0]\"\n\t\t\tdata-paddingbottom=\"[0,0,0,0]\"\n\t\t\tdata-paddingleft=\"[0,0,0,0]\"\n\n\t\t\tstyle=\"z-index: 17; min-width: 1111px; max-width: 1111px; max-width: 45px; max-width: 45px; white-space: normal; font-size: 30px; line-height: 40px; font-weight: 700; color: #0c70bc; letter-spacing: px;font-family:Open Sans;background-color:rgba(255,255,255,0.13);\">31st of May and 1st of June 2019 <\/div>\n\t<\/li>\n<\/ul>\n<div class=\"tp-bannertimer tp-bottom\" style=\"visibility: hidden !important;\"><\/div>\t<\/div>\n<script>var htmlDiv = document.getElementById(\"rs-plugin-settings-inline-css\"); var htmlDivCss=\"\";\r\n\t\t\t\tif(htmlDiv) {\r\n\t\t\t\t\thtmlDiv.innerHTML = htmlDiv.innerHTML + htmlDivCss;\r\n\t\t\t\t}else{\r\n\t\t\t\t\tvar htmlDiv = document.createElement(\"div\");\r\n\t\t\t\t\thtmlDiv.innerHTML = \"<style>\" + htmlDivCss + \"<\/style>\";\r\n\t\t\t\t\tdocument.getElementsByTagName(\"head\")[0].appendChild(htmlDiv.childNodes[0]);\r\n\t\t\t\t}\r\n\t\t\t<\/script>\n\t\t<script type=\"text\/javascript\">\r\nif (setREVStartSize!==undefined) setREVStartSize(\r\n\t{c: '#rev_slider_13_1', responsiveLevels: [1240,1024,778,480], gridwidth: [1240,1024,778,480], gridheight: [600,470,500,650], sliderLayout: 'fullwidth'});\r\n\t\t\t\r\nvar revapi13,\r\n\ttpj;\t\r\n(function() {\t\t\t\r\n\tif (!\/loaded|interactive|complete\/.test(document.readyState)) document.addEventListener(\"DOMContentLoaded\",onLoad); else onLoad();\t\r\n\tfunction onLoad() {\t\t\t\t\r\n\t\tif (tpj===undefined) { tpj = jQuery; if(\"off\" == \"on\") tpj.noConflict();}\r\n\tif(tpj(\"#rev_slider_13_1\").revolution == undefined){\n\t\trevslider_showDoubleJqueryError(\"#rev_slider_13_1\");\n\t}else{\n\t\trevapi13 = tpj(\"#rev_slider_13_1\").show().revolution({\n\t\t\tsliderType:\"hero\",\n\t\t\tjsFileLocation:\"\/\/educacionbilingue.eu\/wp-content\/plugins\/revslider\/public\/assets\/js\/\",\n\t\t\tsliderLayout:\"fullwidth\",\n\t\t\tdottedOverlay:\"none\",\n\t\t\tdelay:9000,\n\t\t\tresponsiveLevels:[1240,1024,778,480],\n\t\t\tvisibilityLevels:[1240,1024,778,480],\n\t\t\tgridwidth:[1240,1024,778,480],\n\t\t\tgridheight:[600,470,500,650],\n\t\t\tlazyType:\"none\",\n\t\t\tshadow:0,\n\t\t\tspinner:\"spinner3\",\n\t\t\tautoHeight:\"off\",\n\t\t\tdisableProgressBar:\"on\",\n\t\t\thideThumbsOnMobile:\"off\",\n\t\t\thideSliderAtLimit:0,\n\t\t\thideCaptionAtLimit:0,\n\t\t\thideAllCaptionAtLilmit:0,\n\t\t\tdebugMode:false,\n\t\t\tfallbacks: {\n\t\t\t\tsimplifyAll:\"off\",\n\t\t\t\tdisableFocusListener:false,\n\t\t\t}\n\t\t});\n\t}; \/* END OF revapi call *\/\n\t\n }; \/* END OF ON LOAD FUNCTION *\/\r\n}()); \/* END OF WRAPPING FUNCTION *\/\r\n<\/script>\r\n\t\t<script>\r\n\t\t\t\t\tvar htmlDivCss = '\t#rev_slider_13_1_wrapper .tp-loader.spinner3 div { background-color: #a71f00 !important; } ';\r\n\t\t\t\t\tvar htmlDiv = document.getElementById('rs-plugin-settings-inline-css');\r\n\t\t\t\t\tif(htmlDiv) {\r\n\t\t\t\t\t\thtmlDiv.innerHTML = htmlDiv.innerHTML + htmlDivCss;\r\n\t\t\t\t\t}\r\n\t\t\t\t\telse{\r\n\t\t\t\t\t\tvar htmlDiv = document.createElement('div');\r\n\t\t\t\t\t\thtmlDiv.innerHTML = '<style>' + htmlDivCss + '<\/style>';\r\n\t\t\t\t\t\tdocument.getElementsByTagName('head')[0].appendChild(htmlDiv.childNodes[0]);\r\n\t\t\t\t\t}\r\n\t\t\t\t\t<\/script>\r\n\t\t\t\t\t<\/div><!-- END REVOLUTION SLIDER -->[\/vc_column][\/vc_row][vc_row css_animation=&#8221;&#8221; row_type=&#8221;row&#8221; use_row_as_full_screen_section=&#8221;no&#8221; type=&#8221;full_width&#8221; angled_section=&#8221;no&#8221; text_align=&#8221;left&#8221; background_image_as_pattern=&#8221;without_pattern&#8221; css=&#8221;.vc_custom_1490123932201{margin-right: 5% !important;margin-left: 5% !important;}&#8221;][vc_column][vc_empty_space height=&#8221;30px&#8221;][vc_column_text]The 3<sup>rd<\/sup> Conference for Professionals in Bilingual Education will be held May, 31st and June, 1st at Espacio Magister (Plaza San Martin, 4. Madrid).<\/p>\n<p>As last year, professionals of bilingual education coming from different institutions, environments and educational stages will present the latest studies in this field and discuss about its challenges and opportunities.<\/p>\n<p>The attendees will have access to three rooms, two of them for oral presentations and one for poster communications. Different topics, such as development of bilingualism, innovative methodologies and projects in multilingual environments will be discussed. The conference will also count with practical workshops and different spaces for discussion, exchange of ideas and cooperation between speakers and attendees.[\/vc_column_text][vc_empty_space][\/vc_column][\/vc_row]<\/p>\n","protected":false},"excerpt":{"rendered":"<p>[vc_row css_animation=&#8221;&#8221; row_type=&#8221;row&#8221; use_row_as_full_screen_section=&#8221;no&#8221; type=&#8221;full_width&#8221; angled_section=&#8221;no&#8221; text_align=&#8221;left&#8221; background_image_as_pattern=&#8221;without_pattern&#8221;][vc_column][\/vc_column][\/vc_row][vc_row css_animation=&#8221;&#8221; row_type=&#8221;row&#8221; use_row_as_full_screen_section=&#8221;no&#8221; type=&#8221;full_width&#8221; angled_section=&#8221;no&#8221; text_align=&#8221;left&#8221; background_image_as_pattern=&#8221;without_pattern&#8221; css=&#8221;.vc_custom_1490123932201{margin-right: 5% !important;margin-left: 5% !important;}&#8221;][vc_column][vc_empty_space height=&#8221;30px&#8221;][vc_column_text]The 3rd Conference for Professionals in Bilingual Education will be held May, 31st and June, 1st at Espacio Magister (Plaza San Martin, 4. Madrid). As&#8230;<\/p>\n","protected":false},"author":1,"featured_media":0,"parent":0,"menu_order":0,"comment_status":"closed","ping_status":"closed","template":"tema-magister-2019.php","meta":{"footnotes":""},"class_list":["post-2828","page","type-page","status-publish","hentry"],"yoast_head":"<!-- This site is optimized with the Yoast SEO plugin v20.1 - https:\/\/yoast.com\/wordpress\/plugins\/seo\/ -->\n<title>IV International Congress for professionals of Bilingual Education<\/title>\n<meta name=\"description\" content=\"The third international congress for professionals of bilingual education. The purpose of this congress is to promote communication between professionals.\" \/>\n<meta name=\"robots\" content=\"index, follow, max-snippet:-1, max-image-preview:large, max-video-preview:-1\" \/>\n<link rel=\"canonical\" href=\"https:\/\/educacionbilingue.eu\/en\/home-2019-2\/\" \/>\n<meta property=\"og:locale\" content=\"en_US\" \/>\n<meta property=\"og:type\" content=\"article\" \/>\n<meta property=\"og:title\" content=\"IV Congreso de Educaci\u00f3n Biling\u00fce\" \/>\n<meta property=\"og:description\" content=\"Se acerca el tercer congreso internacional para profesionales de la educaci\u00f3n biling\u00fce. \u00bfA qu\u00e9 esperas para apuntarte?\" \/>\n<meta property=\"og:url\" content=\"https:\/\/educacionbilingue.eu\/en\/home-2019-2\/\" \/>\n<meta property=\"og:site_name\" content=\"V Blended Conference for Professionals in Bilingual and International Education\" \/>\n<meta property=\"og:image\" content=\"https:\/\/educacionbilingue.eu\/wp-content\/uploads\/2019\/04\/share-facebook.jpg\" \/>\n\t<meta property=\"og:image:width\" content=\"1200\" \/>\n\t<meta property=\"og:image:height\" content=\"630\" \/>\n\t<meta property=\"og:image:type\" content=\"image\/jpeg\" \/>\n<meta name=\"twitter:card\" content=\"summary_large_image\" \/>\n<meta name=\"twitter:title\" content=\"IV Congreso de Educaci\u00f3n Biling\u00fce\" \/>\n<meta name=\"twitter:description\" content=\"Se acerca el segundo congreso internacional para profesionales de la educaci\u00f3n biling\u00fce. \u00bfA qu\u00e9 esperas para apuntarte?\" \/>\n<meta name=\"twitter:image\" content=\"https:\/\/educacionbilingue.eu\/wp-content\/uploads\/2019\/04\/share-twitter.jpg\" \/>\n<meta name=\"twitter:label1\" content=\"Est. reading time\" \/>\n\t<meta name=\"twitter:data1\" content=\"1 minute\" \/>\n<script type=\"application\/ld+json\" class=\"yoast-schema-graph\">{\"@context\":\"https:\/\/schema.org\",\"@graph\":[{\"@type\":\"WebPage\",\"@id\":\"https:\/\/educacionbilingue.eu\/en\/home-2019-2\/\",\"url\":\"https:\/\/educacionbilingue.eu\/en\/home-2019-2\/\",\"name\":\"IV International Congress for professionals of Bilingual Education\",\"isPartOf\":{\"@id\":\"https:\/\/educacionbilingue.eu\/#website\"},\"datePublished\":\"2021-07-19T16:29:20+00:00\",\"dateModified\":\"2021-07-19T16:29:20+00:00\",\"description\":\"The third international congress for professionals of bilingual education. The purpose of this congress is to promote communication between professionals.\",\"breadcrumb\":{\"@id\":\"https:\/\/educacionbilingue.eu\/en\/home-2019-2\/#breadcrumb\"},\"inLanguage\":\"en-EN\",\"potentialAction\":[{\"@type\":\"ReadAction\",\"target\":[\"https:\/\/educacionbilingue.eu\/en\/home-2019-2\/\"]}]},{\"@type\":\"BreadcrumbList\",\"@id\":\"https:\/\/educacionbilingue.eu\/en\/home-2019-2\/#breadcrumb\",\"itemListElement\":[{\"@type\":\"ListItem\",\"position\":1,\"name\":\"V Congreso Semipresencial para Profesionales de la Educaci\u00f3n Biling\u00fce e Internacional\",\"item\":\"https:\/\/educacionbilingue.eu\/\"},{\"@type\":\"ListItem\",\"position\":2,\"name\":\"Home 2019\"}]},{\"@type\":\"WebSite\",\"@id\":\"https:\/\/educacionbilingue.eu\/#website\",\"url\":\"https:\/\/educacionbilingue.eu\/\",\"name\":\"V Blended Conference for Professionals in Bilingual and International Education\",\"description\":\"\",\"publisher\":{\"@id\":\"https:\/\/educacionbilingue.eu\/#organization\"},\"potentialAction\":[{\"@type\":\"SearchAction\",\"target\":{\"@type\":\"EntryPoint\",\"urlTemplate\":\"https:\/\/educacionbilingue.eu\/?s={search_term_string}\"},\"query-input\":\"required name=search_term_string\"}],\"inLanguage\":\"en-EN\"},{\"@type\":\"Organization\",\"@id\":\"https:\/\/educacionbilingue.eu\/#organization\",\"name\":\"Congreso de Educaci\u00f3n Biling\u00fce\",\"url\":\"https:\/\/educacionbilingue.eu\/\",\"logo\":{\"@type\":\"ImageObject\",\"inLanguage\":\"en-EN\",\"@id\":\"https:\/\/educacionbilingue.eu\/#\/schema\/logo\/image\/\",\"url\":\"https:\/\/educacionbilingue.eu\/wp-content\/uploads\/2018\/03\/400dpiLogoCropped.png\",\"contentUrl\":\"https:\/\/educacionbilingue.eu\/wp-content\/uploads\/2018\/03\/400dpiLogoCropped.png\",\"width\":800,\"height\":1167,\"caption\":\"Congreso de Educaci\u00f3n Biling\u00fce\"},\"image\":{\"@id\":\"https:\/\/educacionbilingue.eu\/#\/schema\/logo\/image\/\"}}]}<\/script>\n<!-- \/ Yoast SEO plugin. -->","yoast_head_json":{"title":"IV International Congress for professionals of Bilingual Education","description":"The third international congress for professionals of bilingual education. The purpose of this congress is to promote communication between professionals.","robots":{"index":"index","follow":"follow","max-snippet":"max-snippet:-1","max-image-preview":"max-image-preview:large","max-video-preview":"max-video-preview:-1"},"canonical":"https:\/\/educacionbilingue.eu\/en\/home-2019-2\/","og_locale":"en_US","og_type":"article","og_title":"IV Congreso de Educaci\u00f3n Biling\u00fce","og_description":"Se acerca el tercer congreso internacional para profesionales de la educaci\u00f3n biling\u00fce. \u00bfA qu\u00e9 esperas para apuntarte?","og_url":"https:\/\/educacionbilingue.eu\/en\/home-2019-2\/","og_site_name":"V Blended Conference for Professionals in Bilingual and International Education","og_image":[{"width":1200,"height":630,"url":"https:\/\/educacionbilingue.eu\/wp-content\/uploads\/2019\/04\/share-facebook.jpg","type":"image\/jpeg"}],"twitter_card":"summary_large_image","twitter_title":"IV Congreso de Educaci\u00f3n Biling\u00fce","twitter_description":"Se acerca el segundo congreso internacional para profesionales de la educaci\u00f3n biling\u00fce. \u00bfA qu\u00e9 esperas para apuntarte?","twitter_image":"https:\/\/educacionbilingue.eu\/wp-content\/uploads\/2019\/04\/share-twitter.jpg","twitter_misc":{"Est. reading time":"1 minute"},"schema":{"@context":"https:\/\/schema.org","@graph":[{"@type":"WebPage","@id":"https:\/\/educacionbilingue.eu\/en\/home-2019-2\/","url":"https:\/\/educacionbilingue.eu\/en\/home-2019-2\/","name":"IV International Congress for professionals of Bilingual Education","isPartOf":{"@id":"https:\/\/educacionbilingue.eu\/#website"},"datePublished":"2021-07-19T16:29:20+00:00","dateModified":"2021-07-19T16:29:20+00:00","description":"The third international congress for professionals of bilingual education. The purpose of this congress is to promote communication between professionals.","breadcrumb":{"@id":"https:\/\/educacionbilingue.eu\/en\/home-2019-2\/#breadcrumb"},"inLanguage":"en-EN","potentialAction":[{"@type":"ReadAction","target":["https:\/\/educacionbilingue.eu\/en\/home-2019-2\/"]}]},{"@type":"BreadcrumbList","@id":"https:\/\/educacionbilingue.eu\/en\/home-2019-2\/#breadcrumb","itemListElement":[{"@type":"ListItem","position":1,"name":"V Congreso Semipresencial para Profesionales de la Educaci\u00f3n Biling\u00fce e Internacional","item":"https:\/\/educacionbilingue.eu\/"},{"@type":"ListItem","position":2,"name":"Home 2019"}]},{"@type":"WebSite","@id":"https:\/\/educacionbilingue.eu\/#website","url":"https:\/\/educacionbilingue.eu\/","name":"V Blended Conference for Professionals in Bilingual and International Education","description":"","publisher":{"@id":"https:\/\/educacionbilingue.eu\/#organization"},"potentialAction":[{"@type":"SearchAction","target":{"@type":"EntryPoint","urlTemplate":"https:\/\/educacionbilingue.eu\/?s={search_term_string}"},"query-input":"required name=search_term_string"}],"inLanguage":"en-EN"},{"@type":"Organization","@id":"https:\/\/educacionbilingue.eu\/#organization","name":"Congreso de Educaci\u00f3n Biling\u00fce","url":"https:\/\/educacionbilingue.eu\/","logo":{"@type":"ImageObject","inLanguage":"en-EN","@id":"https:\/\/educacionbilingue.eu\/#\/schema\/logo\/image\/","url":"https:\/\/educacionbilingue.eu\/wp-content\/uploads\/2018\/03\/400dpiLogoCropped.png","contentUrl":"https:\/\/educacionbilingue.eu\/wp-content\/uploads\/2018\/03\/400dpiLogoCropped.png","width":800,"height":1167,"caption":"Congreso de Educaci\u00f3n Biling\u00fce"},"image":{"@id":"https:\/\/educacionbilingue.eu\/#\/schema\/logo\/image\/"}}]}},"_links":{"self":[{"href":"https:\/\/educacionbilingue.eu\/en\/wp-json\/wp\/v2\/pages\/2828","targetHints":{"allow":["GET"]}}],"collection":[{"href":"https:\/\/educacionbilingue.eu\/en\/wp-json\/wp\/v2\/pages"}],"about":[{"href":"https:\/\/educacionbilingue.eu\/en\/wp-json\/wp\/v2\/types\/page"}],"author":[{"embeddable":true,"href":"https:\/\/educacionbilingue.eu\/en\/wp-json\/wp\/v2\/users\/1"}],"replies":[{"embeddable":true,"href":"https:\/\/educacionbilingue.eu\/en\/wp-json\/wp\/v2\/comments?post=2828"}],"version-history":[{"count":1,"href":"https:\/\/educacionbilingue.eu\/en\/wp-json\/wp\/v2\/pages\/2828\/revisions"}],"predecessor-version":[{"id":2829,"href":"https:\/\/educacionbilingue.eu\/en\/wp-json\/wp\/v2\/pages\/2828\/revisions\/2829"}],"wp:attachment":[{"href":"https:\/\/educacionbilingue.eu\/en\/wp-json\/wp\/v2\/media?parent=2828"}],"curies":[{"name":"wp","href":"https:\/\/api.w.org\/{rel}","templated":true}]}}