{"id":588,"date":"2017-03-29T17:32:25","date_gmt":"2017-03-29T17:32:25","guid":{"rendered":"https:\/\/educacionbilingue.eu\/?page_id=588"},"modified":"2017-05-03T10:23:13","modified_gmt":"2017-05-03T10:23:13","slug":"da-eva-aguilar-mediavilla","status":"publish","type":"page","link":"https:\/\/educacionbilingue.eu\/en\/da-eva-aguilar-mediavilla\/","title":{"rendered":"Dr. Eva Aguilar Mediavilla"},"content":{"rendered":"<p>[vc_row css_animation=&#8221;&#8221; row_type=&#8221;row&#8221; use_row_as_full_screen_section=&#8221;no&#8221; type=&#8221;full_width&#8221; angled_section=&#8221;no&#8221; text_align=&#8221;left&#8221; background_image_as_pattern=&#8221;without_pattern&#8221; el_class=&#8221;fondo-teja&#8221; css=&#8221;.vc_custom_1490630823443{margin-right: 5% !important;margin-left: 5% !important;padding-top: 75px !important;}&#8221;][vc_column][vc_column_text css=&#8221;.vc_custom_1493291159616{padding-bottom: 50px !important;}&#8221;]<\/p>\n<h1 style=\"text-align: center;\">Educators group<\/h1>\n<p>[\/vc_column_text][vc_single_image image=&#8221;739&#8243; img_size=&#8221;full&#8221; alignment=&#8221;center&#8221; qode_css_animation=&#8221;&#8221; css=&#8221;.vc_custom_1490960521095{padding-bottom: 50px !important;}&#8221;][vc_column_text css=&#8221;.vc_custom_1490899141344{padding-bottom: 50px !important;}&#8221;]<\/p>\n<p style=\"text-align: center;\"><span style=\"font-size: 32pt; color: #808080;\">Dr. Eva Aguilar Mediavilla<br \/>\n<\/span><\/p>\n<p>[\/vc_column_text][vc_column_text]<\/p>\n<p style=\"text-align: center;\"><span style=\"color: #a71f00;\">Biodata<\/span><\/p>\n<p>&nbsp;<\/p>\n<p style=\"text-align: justify;\">Bachelor\u2019s Degree in Psychology in 1996, PhD in Psychology in 2003 and Master in Disturbances of Hearing and Speech by the University of Barcelona. She has worked in different universities (UB, UNED and UOC), and since 2001, she is Professor at the University of Islas Baleares (UIB). She is currently University Lecturer and holds the positions of Deputy Director of the Department of Applied Pedagogy and Psychology of Education, and Secretary of PhD in Education at the UIB. Moreover, she is Secretary of the International Association for the Study of Language Acquisition.<\/p>\n<p style=\"text-align: justify;\">She is principal investigator of the Research Group I+DEL: <em>Investigaci\u00f3n, Desarrollo, Educaci\u00f3n y Lenguaje in the Institut of Recerca i Innovaci\u00f3 Educativa <\/em>(IRIE) of the UIB, and she has been recognized two periods of investigation (decade) and three periods of teaching (five-year period). Her researches have included topics as acquisition of language, difficulties of language, bilingualism and philology. She is author of several international indexed articles in magazines with impact factor and different books, chapter of books, evaluation tests, articles and national and international congress.<\/p>\n<p>[\/vc_column_text][vc_empty_space][vc_column_text]<\/p>\n<p style=\"text-align: center;\"><span style=\"color: #a71f00;\">Biling\u00fcismo y educaci\u00f3n en las dificultades del lenguaje<\/span><\/p>\n<p>&nbsp;<\/p>\n<p style=\"text-align: justify;\">Traditionally and generally speaking, it has been considered as not advisable the fact that the children with language difficulties learn a second language, since the learning of two languages can imply a major difficulty than the learning of only one language. However, current studies have shown that, despite this major difficulty, bilingual children with language difficulties, they don\u00b4t show more problems and they are even better in some linguistic aspects than monolingual children with this kind of difficulties. Recent studies have also shown that bilingual people have an advantage on some executive functions. This improvement in the cognitive skills in the bilingual children can be acting as a protection factor of the difficulties of language producing this effect of improvement that is observed in the bilingual children with language difficulties.<\/p>\n<p style=\"text-align: justify;\">In the presentation first it will be shown the specific characteristics of the bilingual acquisition of language and the peculiarities of the cognitive capacities. Secondly, it will be presented the studies that describe the process of development of the bilingual children with language difficulties. Thirdly, it will be extracted the involvements that this studies have towards to education, evaluation and reeducation of children with language difficulties in bilingual contexts.<\/p>\n<p>[\/vc_column_text][vc_empty_space][\/vc_column][\/vc_row]<\/p>\n","protected":false},"excerpt":{"rendered":"<p>[vc_row css_animation=&#8221;&#8221; row_type=&#8221;row&#8221; use_row_as_full_screen_section=&#8221;no&#8221; type=&#8221;full_width&#8221; angled_section=&#8221;no&#8221; text_align=&#8221;left&#8221; background_image_as_pattern=&#8221;without_pattern&#8221; el_class=&#8221;fondo-teja&#8221; css=&#8221;.vc_custom_1490630823443{margin-right: 5% !important;margin-left: 5% !important;padding-top: 75px !important;}&#8221;][vc_column][vc_column_text css=&#8221;.vc_custom_1493291159616{padding-bottom: 50px !important;}&#8221;] Educators group [\/vc_column_text][vc_single_image image=&#8221;739&#8243; img_size=&#8221;full&#8221; alignment=&#8221;center&#8221; qode_css_animation=&#8221;&#8221; css=&#8221;.vc_custom_1490960521095{padding-bottom: 50px !important;}&#8221;][vc_column_text css=&#8221;.vc_custom_1490899141344{padding-bottom: 50px !important;}&#8221;] Dr. Eva Aguilar Mediavilla [\/vc_column_text][vc_column_text] Biodata &nbsp; Bachelor\u2019s Degree in Psychology in 1996,&#8230;<\/p>\n","protected":false},"author":2,"featured_media":0,"parent":0,"menu_order":0,"comment_status":"closed","ping_status":"closed","template":"tema-magister.php","meta":{"footnotes":""},"class_list":["post-588","page","type-page","status-publish","hentry"],"yoast_head":"<!-- This site is optimized with the Yoast SEO plugin v20.1 - https:\/\/yoast.com\/wordpress\/plugins\/seo\/ -->\n<title>Dr. Eva Aguilar Mediavilla - V Blended Conference for Professionals in Bilingual and International Education<\/title>\n<meta name=\"robots\" content=\"index, follow, max-snippet:-1, max-image-preview:large, max-video-preview:-1\" \/>\n<link rel=\"canonical\" href=\"https:\/\/educacionbilingue.eu\/da-eva-aguilar-mediavilla\/\" \/>\n<meta property=\"og:locale\" content=\"en_US\" \/>\n<meta property=\"og:type\" content=\"article\" \/>\n<meta property=\"og:title\" content=\"Dr. Eva Aguilar Mediavilla - V Blended Conference for Professionals in Bilingual and International Education\" \/>\n<meta property=\"og:description\" content=\"[vc_row css_animation=&#8221;&#8221; row_type=&#8221;row&#8221; use_row_as_full_screen_section=&#8221;no&#8221; type=&#8221;full_width&#8221; angled_section=&#8221;no&#8221; text_align=&#8221;left&#8221; background_image_as_pattern=&#8221;without_pattern&#8221; el_class=&#8221;fondo-teja&#8221; css=&#8221;.vc_custom_1490630823443{margin-right: 5% !important;margin-left: 5% !important;padding-top: 75px !important;}&#8221;][vc_column][vc_column_text css=&#8221;.vc_custom_1493291159616{padding-bottom: 50px !important;}&#8221;] Educators group [\/vc_column_text][vc_single_image image=&#8221;739&#8243; img_size=&#8221;full&#8221; alignment=&#8221;center&#8221; qode_css_animation=&#8221;&#8221; css=&#8221;.vc_custom_1490960521095{padding-bottom: 50px !important;}&#8221;][vc_column_text css=&#8221;.vc_custom_1490899141344{padding-bottom: 50px !important;}&#8221;] Dr. Eva Aguilar Mediavilla [\/vc_column_text][vc_column_text] Biodata &nbsp; Bachelor\u2019s Degree in Psychology in 1996,...\" \/>\n<meta property=\"og:url\" content=\"https:\/\/educacionbilingue.eu\/da-eva-aguilar-mediavilla\/\" \/>\n<meta property=\"og:site_name\" content=\"V Blended Conference for Professionals in Bilingual and International Education\" \/>\n<meta property=\"article:modified_time\" content=\"2017-05-03T10:23:13+00:00\" \/>\n<meta property=\"og:image\" content=\"https:\/\/educacionbilingue.eu\/wp-content\/uploads\/2017\/04\/cropped-logo-web.png\" \/>\n\t<meta property=\"og:image:width\" content=\"512\" \/>\n\t<meta property=\"og:image:height\" content=\"512\" \/>\n\t<meta property=\"og:image:type\" content=\"image\/png\" \/>\n<meta name=\"twitter:card\" content=\"summary_large_image\" \/>\n<meta name=\"twitter:label1\" content=\"Est. reading time\" \/>\n\t<meta name=\"twitter:data1\" content=\"3 minutes\" \/>\n<script type=\"application\/ld+json\" class=\"yoast-schema-graph\">{\"@context\":\"https:\/\/schema.org\",\"@graph\":[{\"@type\":\"WebPage\",\"@id\":\"https:\/\/educacionbilingue.eu\/da-eva-aguilar-mediavilla\/\",\"url\":\"https:\/\/educacionbilingue.eu\/da-eva-aguilar-mediavilla\/\",\"name\":\"Dr. Eva Aguilar Mediavilla - V Blended Conference for Professionals in Bilingual and International Education\",\"isPartOf\":{\"@id\":\"https:\/\/educacionbilingue.eu\/#website\"},\"datePublished\":\"2017-03-29T17:32:25+00:00\",\"dateModified\":\"2017-05-03T10:23:13+00:00\",\"breadcrumb\":{\"@id\":\"https:\/\/educacionbilingue.eu\/da-eva-aguilar-mediavilla\/#breadcrumb\"},\"inLanguage\":\"en-EN\",\"potentialAction\":[{\"@type\":\"ReadAction\",\"target\":[\"https:\/\/educacionbilingue.eu\/da-eva-aguilar-mediavilla\/\"]}]},{\"@type\":\"BreadcrumbList\",\"@id\":\"https:\/\/educacionbilingue.eu\/da-eva-aguilar-mediavilla\/#breadcrumb\",\"itemListElement\":[{\"@type\":\"ListItem\",\"position\":1,\"name\":\"V Congreso Semipresencial para Profesionales de la Educaci\u00f3n Biling\u00fce e Internacional\",\"item\":\"https:\/\/educacionbilingue.eu\/\"},{\"@type\":\"ListItem\",\"position\":2,\"name\":\"Dr. Eva Aguilar Mediavilla\"}]},{\"@type\":\"WebSite\",\"@id\":\"https:\/\/educacionbilingue.eu\/#website\",\"url\":\"https:\/\/educacionbilingue.eu\/\",\"name\":\"V Blended Conference for Professionals in Bilingual and International Education\",\"description\":\"\",\"publisher\":{\"@id\":\"https:\/\/educacionbilingue.eu\/#organization\"},\"potentialAction\":[{\"@type\":\"SearchAction\",\"target\":{\"@type\":\"EntryPoint\",\"urlTemplate\":\"https:\/\/educacionbilingue.eu\/?s={search_term_string}\"},\"query-input\":\"required name=search_term_string\"}],\"inLanguage\":\"en-EN\"},{\"@type\":\"Organization\",\"@id\":\"https:\/\/educacionbilingue.eu\/#organization\",\"name\":\"Congreso de Educaci\u00f3n Biling\u00fce\",\"url\":\"https:\/\/educacionbilingue.eu\/\",\"logo\":{\"@type\":\"ImageObject\",\"inLanguage\":\"en-EN\",\"@id\":\"https:\/\/educacionbilingue.eu\/#\/schema\/logo\/image\/\",\"url\":\"https:\/\/educacionbilingue.eu\/wp-content\/uploads\/2018\/03\/400dpiLogoCropped.png\",\"contentUrl\":\"https:\/\/educacionbilingue.eu\/wp-content\/uploads\/2018\/03\/400dpiLogoCropped.png\",\"width\":800,\"height\":1167,\"caption\":\"Congreso de Educaci\u00f3n Biling\u00fce\"},\"image\":{\"@id\":\"https:\/\/educacionbilingue.eu\/#\/schema\/logo\/image\/\"}}]}<\/script>\n<!-- \/ Yoast SEO plugin. -->","yoast_head_json":{"title":"Dr. Eva Aguilar Mediavilla - V Blended Conference for Professionals in Bilingual and International Education","robots":{"index":"index","follow":"follow","max-snippet":"max-snippet:-1","max-image-preview":"max-image-preview:large","max-video-preview":"max-video-preview:-1"},"canonical":"https:\/\/educacionbilingue.eu\/da-eva-aguilar-mediavilla\/","og_locale":"en_US","og_type":"article","og_title":"Dr. Eva Aguilar Mediavilla - V Blended Conference for Professionals in Bilingual and International Education","og_description":"[vc_row css_animation=&#8221;&#8221; row_type=&#8221;row&#8221; use_row_as_full_screen_section=&#8221;no&#8221; type=&#8221;full_width&#8221; angled_section=&#8221;no&#8221; text_align=&#8221;left&#8221; background_image_as_pattern=&#8221;without_pattern&#8221; el_class=&#8221;fondo-teja&#8221; css=&#8221;.vc_custom_1490630823443{margin-right: 5% !important;margin-left: 5% !important;padding-top: 75px !important;}&#8221;][vc_column][vc_column_text css=&#8221;.vc_custom_1493291159616{padding-bottom: 50px !important;}&#8221;] Educators group [\/vc_column_text][vc_single_image image=&#8221;739&#8243; img_size=&#8221;full&#8221; alignment=&#8221;center&#8221; qode_css_animation=&#8221;&#8221; css=&#8221;.vc_custom_1490960521095{padding-bottom: 50px !important;}&#8221;][vc_column_text css=&#8221;.vc_custom_1490899141344{padding-bottom: 50px !important;}&#8221;] Dr. Eva Aguilar Mediavilla [\/vc_column_text][vc_column_text] Biodata &nbsp; Bachelor\u2019s Degree in Psychology in 1996,...","og_url":"https:\/\/educacionbilingue.eu\/da-eva-aguilar-mediavilla\/","og_site_name":"V Blended Conference for Professionals in Bilingual and International Education","article_modified_time":"2017-05-03T10:23:13+00:00","og_image":[{"width":512,"height":512,"url":"https:\/\/educacionbilingue.eu\/wp-content\/uploads\/2017\/04\/cropped-logo-web.png","type":"image\/png"}],"twitter_card":"summary_large_image","twitter_misc":{"Est. reading time":"3 minutes"},"schema":{"@context":"https:\/\/schema.org","@graph":[{"@type":"WebPage","@id":"https:\/\/educacionbilingue.eu\/da-eva-aguilar-mediavilla\/","url":"https:\/\/educacionbilingue.eu\/da-eva-aguilar-mediavilla\/","name":"Dr. Eva Aguilar Mediavilla - V Blended Conference for Professionals in Bilingual and International Education","isPartOf":{"@id":"https:\/\/educacionbilingue.eu\/#website"},"datePublished":"2017-03-29T17:32:25+00:00","dateModified":"2017-05-03T10:23:13+00:00","breadcrumb":{"@id":"https:\/\/educacionbilingue.eu\/da-eva-aguilar-mediavilla\/#breadcrumb"},"inLanguage":"en-EN","potentialAction":[{"@type":"ReadAction","target":["https:\/\/educacionbilingue.eu\/da-eva-aguilar-mediavilla\/"]}]},{"@type":"BreadcrumbList","@id":"https:\/\/educacionbilingue.eu\/da-eva-aguilar-mediavilla\/#breadcrumb","itemListElement":[{"@type":"ListItem","position":1,"name":"V Congreso Semipresencial para Profesionales de la Educaci\u00f3n Biling\u00fce e Internacional","item":"https:\/\/educacionbilingue.eu\/"},{"@type":"ListItem","position":2,"name":"Dr. Eva Aguilar Mediavilla"}]},{"@type":"WebSite","@id":"https:\/\/educacionbilingue.eu\/#website","url":"https:\/\/educacionbilingue.eu\/","name":"V Blended Conference for Professionals in Bilingual and International Education","description":"","publisher":{"@id":"https:\/\/educacionbilingue.eu\/#organization"},"potentialAction":[{"@type":"SearchAction","target":{"@type":"EntryPoint","urlTemplate":"https:\/\/educacionbilingue.eu\/?s={search_term_string}"},"query-input":"required name=search_term_string"}],"inLanguage":"en-EN"},{"@type":"Organization","@id":"https:\/\/educacionbilingue.eu\/#organization","name":"Congreso de Educaci\u00f3n Biling\u00fce","url":"https:\/\/educacionbilingue.eu\/","logo":{"@type":"ImageObject","inLanguage":"en-EN","@id":"https:\/\/educacionbilingue.eu\/#\/schema\/logo\/image\/","url":"https:\/\/educacionbilingue.eu\/wp-content\/uploads\/2018\/03\/400dpiLogoCropped.png","contentUrl":"https:\/\/educacionbilingue.eu\/wp-content\/uploads\/2018\/03\/400dpiLogoCropped.png","width":800,"height":1167,"caption":"Congreso de Educaci\u00f3n Biling\u00fce"},"image":{"@id":"https:\/\/educacionbilingue.eu\/#\/schema\/logo\/image\/"}}]}},"_links":{"self":[{"href":"https:\/\/educacionbilingue.eu\/en\/wp-json\/wp\/v2\/pages\/588","targetHints":{"allow":["GET"]}}],"collection":[{"href":"https:\/\/educacionbilingue.eu\/en\/wp-json\/wp\/v2\/pages"}],"about":[{"href":"https:\/\/educacionbilingue.eu\/en\/wp-json\/wp\/v2\/types\/page"}],"author":[{"embeddable":true,"href":"https:\/\/educacionbilingue.eu\/en\/wp-json\/wp\/v2\/users\/2"}],"replies":[{"embeddable":true,"href":"https:\/\/educacionbilingue.eu\/en\/wp-json\/wp\/v2\/comments?post=588"}],"version-history":[{"count":11,"href":"https:\/\/educacionbilingue.eu\/en\/wp-json\/wp\/v2\/pages\/588\/revisions"}],"predecessor-version":[{"id":1308,"href":"https:\/\/educacionbilingue.eu\/en\/wp-json\/wp\/v2\/pages\/588\/revisions\/1308"}],"wp:attachment":[{"href":"https:\/\/educacionbilingue.eu\/en\/wp-json\/wp\/v2\/media?parent=588"}],"curies":[{"name":"wp","href":"https:\/\/api.w.org\/{rel}","templated":true}]}}